{"id":1563,"date":"2024-10-13T17:26:52","date_gmt":"2024-10-13T17:26:52","guid":{"rendered":"https:\/\/anpsico.com\/centro_psicologia\/?page_id=1563"},"modified":"2024-10-13T17:35:54","modified_gmt":"2024-10-13T17:35:54","slug":"profesionales-del-gabinete-anpsico","status":"publish","type":"page","link":"https:\/\/anpsico.com\/centro_psicologia\/profesionales-del-gabinete-anpsico\/","title":{"rendered":"Profesionales del Gabinete ANPSICO"},"content":{"rendered":"\n<figure class=\"wp-block-table is-style-regular\" style=\"font-style:normal;font-weight:400;text-decoration:none;text-transform:none\"><table class=\"has-fixed-layout\"><tbody><tr><td class=\"has-text-align-center\" data-align=\"center\"><img loading=\"lazy\" decoding=\"async\" width=\"400\" height=\"270\" class=\"wp-image-1476\" style=\"width: 400px;\" src=\"https:\/\/anpsico.com\/centro_psicologia\/wp-content\/uploads\/2023\/05\/centro_de_psicologia_anpsico_Maria_Jose_Antunez.jpg\" alt=\"\" srcset=\"https:\/\/anpsico.com\/centro_psicologia\/wp-content\/uploads\/2023\/05\/centro_de_psicologia_anpsico_Maria_Jose_Antunez.jpg 364w, https:\/\/anpsico.com\/centro_psicologia\/wp-content\/uploads\/2023\/05\/centro_de_psicologia_anpsico_Maria_Jose_Antunez-300x203.jpg 300w\" sizes=\"auto, (max-width: 400px) 100vw, 400px\" \/><\/td><td class=\"has-text-align-center\" data-align=\"center\"><img loading=\"lazy\" decoding=\"async\" width=\"400\" height=\"270\" class=\"wp-image-1479\" style=\"width: 400px;\" src=\"https:\/\/anpsico.com\/centro_psicologia\/wp-content\/uploads\/2023\/05\/centro_de_psicologia_anpsico_Sonia_Fernandez_Rodriguez-1.jpg\" alt=\"Centro de Psicologia Anpsico C\u00f3rdoba - Sonia Fernandez Rodriguez\" srcset=\"https:\/\/anpsico.com\/centro_psicologia\/wp-content\/uploads\/2023\/05\/centro_de_psicologia_anpsico_Sonia_Fernandez_Rodriguez-1.jpg 536w, https:\/\/anpsico.com\/centro_psicologia\/wp-content\/uploads\/2023\/05\/centro_de_psicologia_anpsico_Sonia_Fernandez_Rodriguez-1-300x203.jpg 300w\" sizes=\"auto, (max-width: 400px) 100vw, 400px\" \/><\/td><\/tr><tr><td class=\"has-text-align-center\" data-align=\"center\"><mark style=\"background-color:rgba(0, 0, 0, 0)\" class=\"has-inline-color has-black-color\"><strong>MAR\u00cdA JOS\u00c9 ANT\u00daNEZ<\/strong><br><\/mark><\/td><td class=\"has-text-align-center\" data-align=\"center\"><mark style=\"background-color:rgba(0, 0, 0, 0)\" class=\"has-inline-color has-black-color\"><strong>SONIA FERN\u00c1NDEZ RODR\u00cdGUEZ<\/strong><br><\/mark><\/td><\/tr><tr><td class=\"has-text-align-center\" data-align=\"center\"><mark style=\"background-color:rgba(0, 0, 0, 0)\" class=\"has-inline-color has-black-color\">Lic. en Psicolog\u00eda por la Universidad de Granada. (S-05658)<\/mark><\/td><td class=\"has-text-align-center\" data-align=\"center\"><mark style=\"background-color:rgba(0, 0, 0, 0)\" class=\"has-inline-color has-black-color\">Licenciada en Psicolog\u00eda Cl\u00ednica por la UNED (S-05158)<\/mark><\/td><\/tr><tr><td class=\"has-text-align-center\" data-align=\"center\"><mark style=\"background-color:rgba(0, 0, 0, 0)\" class=\"has-inline-color has-black-color\">Comienzo mi especialidad en Trastornos De La Alimentaci\u00f3n con una formaci\u00f3n&nbsp; espec\u00edfica v\u00eda M\u00e1ster, complet\u00e1ndola con dos a\u00f1os de experiencia en la Unidad de Trastornos de la Conducta Alimentaria del Hospital Infantil Ni\u00f1o Jes\u00fas (Madrid), paralelamente trabajando en Psicolog\u00eda Infanto-Juvenil. Desde 2006 desarrollo mi trabajo en la pr\u00e1ctica privada.<\/mark><\/td><td class=\"has-text-align-center\" data-align=\"center\"><mark style=\"background-color:rgba(0, 0, 0, 0)\" class=\"has-inline-color has-black-color\">Comienzo mi especialidad en conductas adictivas en el a\u00f1o 1999, en el Servicio de Tratamiento Ambulatorio de Cruz Roja Espa\u00f1ola en C\u00f3rdoba, como parte de los cursos de Doctorado en Psicofarmacolog\u00eda y como voluntaria, form\u00e1ndome en el tratamiento de dichas conductas y desde&nbsp; hace 16 a\u00f1os trabajando como Psic\u00f3loga Cl\u00ednica de dicho servicio.<\/mark><\/td><\/tr><tr><td class=\"has-text-align-center\" data-align=\"center\"><\/td><td class=\"has-text-align-center\" data-align=\"center\"><\/td><\/tr><tr><td class=\"has-text-align-center\" data-align=\"center\"><img loading=\"lazy\" decoding=\"async\" width=\"400\" height=\"270\" class=\"wp-image-1480\" style=\"width: 400px;\" src=\"https:\/\/anpsico.com\/centro_psicologia\/wp-content\/uploads\/2023\/05\/centro_de_psicologia_anpsico_Jorge_Corpas_Lopez.jpg\" alt=\"Centro de Psicologia Anpsico C\u00f3rdoba - Jorge Corpas Lopez\" srcset=\"https:\/\/anpsico.com\/centro_psicologia\/wp-content\/uploads\/2023\/05\/centro_de_psicologia_anpsico_Jorge_Corpas_Lopez.jpg 536w, https:\/\/anpsico.com\/centro_psicologia\/wp-content\/uploads\/2023\/05\/centro_de_psicologia_anpsico_Jorge_Corpas_Lopez-300x203.jpg 300w\" sizes=\"auto, (max-width: 400px) 100vw, 400px\" \/><\/td><td class=\"has-text-align-center\" data-align=\"center\"><img loading=\"lazy\" decoding=\"async\" width=\"400\" height=\"270\" class=\"wp-image-1481\" style=\"width: 400px;\" src=\"https:\/\/anpsico.com\/centro_psicologia\/wp-content\/uploads\/2023\/05\/centro_de_psicologia_anpsico_Lourdes_Martin_Munoz.jpg\" alt=\"Centro de Psicologia Anpsico C\u00f3rdoba - Lourdes Martin Mu\u00f1oz\" srcset=\"https:\/\/anpsico.com\/centro_psicologia\/wp-content\/uploads\/2023\/05\/centro_de_psicologia_anpsico_Lourdes_Martin_Munoz.jpg 536w, https:\/\/anpsico.com\/centro_psicologia\/wp-content\/uploads\/2023\/05\/centro_de_psicologia_anpsico_Lourdes_Martin_Munoz-300x203.jpg 300w\" sizes=\"auto, (max-width: 400px) 100vw, 400px\" \/><\/td><\/tr><tr><td class=\"has-text-align-center\" data-align=\"center\"><strong><mark style=\"background-color:rgba(0, 0, 0, 0)\" class=\"has-inline-color has-black-color\">JORGE CORPAS L\u00d3PEZ<\/mark><\/strong><\/td><td class=\"has-text-align-center\" data-align=\"center\"><strong><mark style=\"background-color:rgba(0, 0, 0, 0)\" class=\"has-inline-color has-black-color\">LOURDES MART\u00cdN MU\u00d1OZ<\/mark><\/strong><\/td><\/tr><tr><td class=\"has-text-align-center\" data-align=\"center\"><mark style=\"background-color:rgba(0, 0, 0, 0)\" class=\"has-inline-color has-black-color\">Grad. en Psicolog\u00eda por la Universidad de Sevilla (AN-10191)&nbsp; &nbsp;<\/mark><\/td><td class=\"has-text-align-center\" data-align=\"center\"><mark style=\"background-color:rgba(0, 0, 0, 0)\" class=\"has-inline-color has-black-color\">Licenciada en Psicolog\u00eda Cl\u00ednica por la UNED (AN-06466)<\/mark><\/td><\/tr><tr><td class=\"has-text-align-center\" data-align=\"center\"><mark style=\"background-color:rgba(0, 0, 0, 0)\" class=\"has-inline-color has-black-color\">Comienzo mi especialidad en Trastornos Emocionales con los estudios de Doctorado en la Universidad de C\u00f3rdoba. Contin\u00fao mi formaci\u00f3n en el Instituto Maim\u00f3nides de Investigaci\u00f3n Biom\u00e9dica de C\u00f3rdoba (IMBIC) en colaboraci\u00f3n con el Hospital Universitario Reina Sof\u00eda. Desde 2014 me dedico a la pr\u00e1ctica cl\u00ednica para aunar el conocimiento cient\u00edfico y el ejercicio terap\u00e9utico.<\/mark><\/td><td class=\"has-text-align-center\" data-align=\"center\"><mark style=\"background-color:rgba(0, 0, 0, 0)\" class=\"has-inline-color has-black-color\">Trabajando desde 2009 para mejorar el bienestar emocional y el desarrollo personal en consulta privada, siendo personal t\u00e9cnico de varios proyectos de Cruz Roja Espa\u00f1ola y psic\u00f3loga voluntaria de los Equipos de Respuesta Inmediata en Emergencias. Si entendemos qu\u00e9 nos est\u00e1 pasando y adquirimos nuevas estrategias para gestionarlos, nos ayudar\u00e1n a sentirnos mejor y a disfrutar m\u00e1s de la vida.<\/mark><\/td><\/tr><tr><td class=\"has-text-align-center\" data-align=\"center\"><\/td><td class=\"has-text-align-center\" data-align=\"center\"><\/td><\/tr><tr><td class=\"has-text-align-center\" data-align=\"center\"><img loading=\"lazy\" decoding=\"async\" width=\"400\" height=\"300\" class=\"wp-image-1562\" style=\"width: 400px;\" src=\"https:\/\/anpsico.com\/centro_psicologia\/wp-content\/uploads\/2024\/10\/Imagen-de-WhatsApp-2024-10-09-a-las-19.44.17_e342f610.jpg\" alt=\"Gabinete de psicologia en C\u00f3rdoba - Anpsico\" srcset=\"https:\/\/anpsico.com\/centro_psicologia\/wp-content\/uploads\/2024\/10\/Imagen-de-WhatsApp-2024-10-09-a-las-19.44.17_e342f610.jpg 1600w, https:\/\/anpsico.com\/centro_psicologia\/wp-content\/uploads\/2024\/10\/Imagen-de-WhatsApp-2024-10-09-a-las-19.44.17_e342f610-300x225.jpg 300w, https:\/\/anpsico.com\/centro_psicologia\/wp-content\/uploads\/2024\/10\/Imagen-de-WhatsApp-2024-10-09-a-las-19.44.17_e342f610-1024x768.jpg 1024w, https:\/\/anpsico.com\/centro_psicologia\/wp-content\/uploads\/2024\/10\/Imagen-de-WhatsApp-2024-10-09-a-las-19.44.17_e342f610-768x576.jpg 768w, https:\/\/anpsico.com\/centro_psicologia\/wp-content\/uploads\/2024\/10\/Imagen-de-WhatsApp-2024-10-09-a-las-19.44.17_e342f610-1536x1152.jpg 1536w\" sizes=\"auto, (max-width: 400px) 100vw, 400px\" \/><\/td><td class=\"has-text-align-center\" data-align=\"center\"><\/td><\/tr><tr><td class=\"has-text-align-center\" data-align=\"center\"><strong><mark style=\"background-color:rgba(0, 0, 0, 0)\" class=\"has-inline-color has-black-color\">ISABEL R\u00cdOS GUERRERO<\/mark><\/strong><\/td><td class=\"has-text-align-center\" data-align=\"center\"><\/td><\/tr><tr><td class=\"has-text-align-center\" data-align=\"center\"><mark style=\"background-color:rgba(0, 0, 0, 0)\" class=\"has-inline-color has-black-color\">Lic. en Psicolog\u00eda por la Universidad de Granada (AN-09246)<\/mark><\/td><td class=\"has-text-align-center\" data-align=\"center\"><\/td><\/tr><tr><td class=\"has-text-align-center\" data-align=\"center\"><mark style=\"background-color:rgba(0, 0, 0, 0)\" class=\"has-inline-color has-black-color\">Psic\u00f3loga especializada en Terapias de Tercera Generaci\u00f3n en poblaci\u00f3n adolescente y adulta. Comienzo mi especialidad en Sexolog\u00eda y Terapia de Pareja en cl\u00ednica privada, con formaci\u00f3n espec\u00edfica v\u00eda M\u00e1ster. Incorporar la especialidad de Sexolog\u00eda y Pareja fortalece la intervenci\u00f3n, no solo desde una perspectiva  que trabaja las problem\u00e1ticas, sino desde una visi\u00f3n enriquecedora, mejorando la Vinculaci\u00f3n Afectivo-Sexual, que incide en la calidad de vida de la persona. Desde 2016 desarrollo mi trabajo como Psic\u00f3loga, Sex\u00f3loga y Terapeuta de  Pareja en la cl\u00ednica privada.<\/mark><\/td><td class=\"has-text-align-center\" data-align=\"center\"><\/td><\/tr><\/tbody><\/table><\/figure>\n\n\n\n<p><\/p>\n","protected":false},"excerpt":{"rendered":"<p>MAR\u00cdA JOS\u00c9 ANT\u00daNEZ SONIA FERN\u00c1NDEZ RODR\u00cdGUEZ Lic. en Psicolog\u00eda por la Universidad de Granada. (S-05658) Licenciada en Psicolog\u00eda Cl\u00ednica por la UNED (S-05158) Comienzo mi especialidad en Trastornos De La &#8230;<\/p>\n","protected":false},"author":1,"featured_media":0,"parent":0,"menu_order":0,"comment_status":"closed","ping_status":"closed","template":"","meta":{"footnotes":""},"class_list":["post-1563","page","type-page","status-publish","hentry"],"_links":{"self":[{"href":"https:\/\/anpsico.com\/centro_psicologia\/wp-json\/wp\/v2\/pages\/1563","targetHints":{"allow":["GET"]}}],"collection":[{"href":"https:\/\/anpsico.com\/centro_psicologia\/wp-json\/wp\/v2\/pages"}],"about":[{"href":"https:\/\/anpsico.com\/centro_psicologia\/wp-json\/wp\/v2\/types\/page"}],"author":[{"embeddable":true,"href":"https:\/\/anpsico.com\/centro_psicologia\/wp-json\/wp\/v2\/users\/1"}],"replies":[{"embeddable":true,"href":"https:\/\/anpsico.com\/centro_psicologia\/wp-json\/wp\/v2\/comments?post=1563"}],"version-history":[{"count":6,"href":"https:\/\/anpsico.com\/centro_psicologia\/wp-json\/wp\/v2\/pages\/1563\/revisions"}],"predecessor-version":[{"id":1571,"href":"https:\/\/anpsico.com\/centro_psicologia\/wp-json\/wp\/v2\/pages\/1563\/revisions\/1571"}],"wp:attachment":[{"href":"https:\/\/anpsico.com\/centro_psicologia\/wp-json\/wp\/v2\/media?parent=1563"}],"curies":[{"name":"wp","href":"https:\/\/api.w.org\/{rel}","templated":true}]}}